{"id":26429,"date":"2026-04-27T15:43:21","date_gmt":"2026-04-27T15:43:21","guid":{"rendered":"https:\/\/auto24.hr\/listing\/peugeot-208-1-2-allure-automatic-2\/"},"modified":"2026-04-28T07:00:01","modified_gmt":"2026-04-28T07:00:01","slug":"porsche-macan-3-0-v6-gts","status":"publish","type":"vehica_car","link":"https:\/\/auto24.hr\/hr\/listing\/porsche-macan-3-0-v6-gts\/","title":{"rendered":"Porsche Macan 3.0 V6 GTS"},"content":{"rendered":"<p>Ovo nije obi\u010dan SUV \u2013 ovo je Porsche Macan GTS 3.0 V6 koji vo\u017enju pretvara u \u010disti u\u017eitak. Ve\u0107 na prvi pogled jasno je da se radi o ne\u010demu posebnom \u2013 agresivan stav, 21&#8221; kota\u010di i detalji koji jasno poru\u010duju da ovo nije \u201csamo jo\u0161 jedan Macan\u201d.<\/p>\n<p>Ispod haube krije se mo\u0107ni 3.0 V6 koji pru\u017ea vrhunske performanse, ali i ono najva\u017enije \u2013 zvuk. O\u010daravaju\u0107i, dubok i sportski ton auspuha koji svaki pritisak na gas pretvara u mali koncert. Ovo je auto koji ne \u017eeli\u0161 voziti tiho.<\/p>\n<p>Unato\u010d 214.900 km, vozilo je i dalje u odli\u010dnoj formi \u2013 upravo onako kako se i o\u010dekuje od Porschea. Bogat paket opreme donosi sve \u0161to mo\u017ee\u0161 po\u017eeljeti: vrhunsku udobnost, sportsku notu i napredne tehnologije koje svaku vo\u017enju \u010dine posebnim iskustvom.<\/p>\n<p>Na cesti pru\u017ea sigurnost, preciznost i osje\u0107aj kontrole kakav rijetko koji SUV mo\u017ee ponuditi. Ovo je auto za nekoga tko \u017eeli vi\u0161e \u2013 vi\u0161e emocije, vi\u0161e karaktera i vi\u0161e u\u017eitka u vo\u017enji.<\/p>\n<p>Ako tra\u017ei\u0161 SUV koji ima du\u0161u sportskog automobila \u2013 Macan GTS je to\u010dno to.<\/p>\n<p>Posljednji servis na autu je napravljen na 213.500 km kada je promijenjeno ulje, filter ulja, filter zraka, filter ventilacije i gornje selene.<\/p>\n<p>OPREMA AUTOMOBILA:<br \/>\n** 21&#8243; aluminijski naplaci **<br \/>\n** Zra\u010dni ovjes **<br \/>\n** PSM ovjes **<br \/>\n** LED svjelta sa zakretnom funkcijom **<br \/>\n** Panoramski krovni otvor **<br \/>\n** Grijanje sjedala **<br \/>\n** Grijanje upravlja\u010da **<br \/>\n** Apple Carplay **<br \/>\n** Bose ozvu\u010denje **<br \/>\n** Elektri\u010dno otvoravanje prtlja\u017enika **<br \/>\n** Elektri\u010dna kuka **<br \/>\n** Kamera za vo\u017enju unatrag **<br \/>\n** Parking senzori **<br \/>\n** Tempomat **<br \/>\n** Senzor za svjetla **<br \/>\n** Senzor za brisa\u010de **<br \/>\n** DAB radio **<br \/>\n** Bluetooth **<\/p>\n<p>OPCIJE PLA\u0106ANJA:<br \/>\n** gotovina \/ internet bankarstvo<br \/>\n** operativni i financijski leasing na 5 godina | RATA 469 \u20ac<br \/>\nOPCIJE FINANCIJSKOG LEASINGA:<br \/>\n** 4 godina sa 20% u\u010de\u0161\u0107a i 20% ostatka vrijednosti &#8211; 650 \u20ac\/mjese\u010dno<br \/>\n** 4 godina sa 10% u\u010de\u0161\u0107a i 20% ostatka vrijednosti &#8211; 751 \u20ac\/mjese\u010dno<br \/>\n** 4 godina sa 20% u\u010de\u0161\u0107a i bez ostatka vrijednosti &#8211; 800 \u20ac\/mjese\u010dno<br \/>\n** 4 godina sa 10% u\u010de\u0161\u0107a i bez ostatka vrijednosti &#8211; 901 \u20ac\/mjese\u010dno<br \/>\n** krediti banaka sa kamatnom stopom od svega 5,5 %<\/p>\n<p>U cijenu je uklju\u010deno:<br \/>\n** Mogu\u0107nost doplate za 12 ili 24 mjeseca PREMIUM PLUS jamstva na vozilo kroz ratu leasinga, PREMIUM PLUS jamstvo ko\u0161ta 5,6-17,6 \u20ac\/mjese\u010dno zavisno o trajanju jamstva i trajanju leasinga<br \/>\n** porez \/ PDV<br \/>\n** tro\u0161arina \/ PPMV<\/p>\n<p>ZAMJENA<br \/>\nPod ra\u010dun mo\u017eemo prihvatiti vozilo do 10 godina starosti i do 200.000 prije\u0111enih km realne tr\u017ei\u0161ne vrijednosti.<br \/>\n\u203c Molimo Vas da telefonski zaka\u017eete termin dolaska<br \/>\n+385 98 392 622<\/p>\n<p>Napomena: Trudimo se da opis automobila i opreme bude maksimalno to\u010dan, no postoji mogu\u0107nost da se informacije razlikuju od stvarnih podataka\/opreme vozila. Zato vas molimo da podatke provjerite u\u017eivo ili sa na\u0161im djelatnicima.<\/p>","protected":false},"author":78,"featured_media":26447,"template":"","vehica_6655":[2325],"vehica_23551":[],"vehica_6659":[2321],"vehica_6660":[2367],"vehica_6657":[],"vehica_6661":[2074],"vehica_6662":[2543],"vehica_6663":[2522],"vehica_6666":[2612],"vehica_12770":[2524],"vehica_23612":[],"vehica_6670":[2681,2550,2665,2531,2551,2632,2092,2548,2594,2563,2534,2529,2637,2590,2549,2537,2528,2649,2579,2593,2588,2526,2591,2577,2525,2625,2547,2572,2583,2562,2556,2557,2580,2669,2578,2101,2536],"class_list":["post-26429","vehica_car","type-vehica_car","status-publish","has-post-thumbnail","hentry","vehica_6655-suv","vehica_6659-porsche","vehica_6660-macan","vehica_6661-awd-4wd","vehica_6662-automatski-mjenjac","vehica_6663-benzin","vehica_6666-crna-metalik","vehica_12770-5-vrata","vehica_6670-21-alu-naplaci","vehica_6670-abs","vehica_6670-ambijentalna-rasvjeta","vehica_6670-apple-carplay","vehica_6670-asr","vehica_6670-automatski-3-zonski-klima-uredaj","vehica_6670-bluetooth","vehica_6670-centralno-daljinsko-zakljucavanje","vehica_6670-crno-nebo","vehica_6670-elektricni-podizaci-prozora","vehica_6670-elektricni-preklopivi-retrovizori","vehica_6670-elektricno-otvaranje-prtljaznika","vehica_6670-elektricno-podesavanje-retrovizora","vehica_6670-elektricno-podesavanje-sjedala","vehica_6670-esp","vehica_6670-grijanje-prednjih-sjedala","vehica_6670-kamera","vehica_6670-komande-za-radio-na-volanu","vehica_6670-kozom-presvucen-upravljac","vehica_6670-kozom-presvucena-sjedala","vehica_6670-kuka","vehica_6670-led-svjetla","vehica_6670-memorija-sjedala","vehica_6670-navigacija","vehica_6670-panoramski-krovni-otvor","vehica_6670-park-assist","vehica_6670-parking-senzori","vehica_6670-premium-sound-sustav","vehica_6670-profilirana-prednja-sjedala","vehica_6670-radio-cd","vehica_6670-senzor-za-kisu","vehica_6670-senzor-za-svjetla","vehica_6670-start-stop-sustav","vehica_6670-sustav-upravljanja-svjetlima","vehica_6670-tempomat","vehica_6670-usb-port","vehica_6670-zatamnjena-straznja-stakla"],"yoast_head":"<!-- This site is optimized with the Yoast SEO plugin v24.6 - https:\/\/yoast.com\/wordpress\/plugins\/seo\/ -->\n<title>Porsche Macan 3.0 V6 GTS - Auto24<\/title>\n<meta name=\"description\" content=\"Mo\u0107an Porscheov SUV podjednako odu\u0161evljava izvrsnim voznim osobinom i o\u010daravaju\u0107im dubokim brundanjem kojeg proizvodi \u0161estak sa 360 KS.\" \/>\n<meta name=\"robots\" content=\"index, follow, max-snippet:-1, max-image-preview:large, max-video-preview:-1\" \/>\n<link rel=\"canonical\" href=\"https:\/\/auto24.hr\/hr\/listing\/porsche-macan-3-0-v6-gts\/\" \/>\n<meta property=\"og:locale\" content=\"hr_HR\" \/>\n<meta property=\"og:type\" content=\"article\" \/>\n<meta property=\"og:title\" content=\"Porsche Macan 3.0 V6 GTS - Auto24\" \/>\n<meta property=\"og:description\" content=\"Mo\u0107an Porscheov SUV podjednako odu\u0161evljava izvrsnim voznim osobinom i o\u010daravaju\u0107im dubokim brundanjem kojeg proizvodi \u0161estak sa 360 KS.\" \/>\n<meta property=\"og:url\" content=\"https:\/\/auto24.hr\/hr\/listing\/porsche-macan-3-0-v6-gts\/\" \/>\n<meta property=\"og:site_name\" content=\"Auto24\" \/>\n<meta property=\"article:modified_time\" content=\"2026-04-28T07:00:01+00:00\" \/>\n<meta property=\"og:image\" content=\"https:\/\/auto24.hr\/wp-content\/uploads\/2026\/04\/LAC_0150cv-scaled.jpg\" \/>\n\t<meta property=\"og:image:width\" content=\"2560\" \/>\n\t<meta property=\"og:image:height\" content=\"1707\" \/>\n\t<meta property=\"og:image:type\" content=\"image\/jpeg\" \/>\n<meta name=\"twitter:card\" content=\"summary_large_image\" \/>\n<meta name=\"twitter:label1\" content=\"Procijenjeno vrijeme \u010ditanja\" \/>\n\t<meta name=\"twitter:data1\" content=\"3 minute\" \/>\n<script type=\"application\/ld+json\" class=\"yoast-schema-graph\">{\"@context\":\"https:\/\/schema.org\",\"@graph\":[{\"@type\":\"WebPage\",\"@id\":\"https:\/\/auto24.hr\/listing\/porsche-macan-3-0-v6-gts\/\",\"url\":\"https:\/\/auto24.hr\/listing\/porsche-macan-3-0-v6-gts\/\",\"name\":\"Porsche Macan 3.0 V6 GTS - Auto24\",\"isPartOf\":{\"@id\":\"https:\/\/auto24.hr\/#website\"},\"primaryImageOfPage\":{\"@id\":\"https:\/\/auto24.hr\/listing\/porsche-macan-3-0-v6-gts\/#primaryimage\"},\"image\":{\"@id\":\"https:\/\/auto24.hr\/listing\/porsche-macan-3-0-v6-gts\/#primaryimage\"},\"thumbnailUrl\":\"https:\/\/auto24.hr\/wp-content\/uploads\/2026\/04\/LAC_0150cv-scaled.jpg\",\"datePublished\":\"2026-04-27T15:43:21+00:00\",\"dateModified\":\"2026-04-28T07:00:01+00:00\",\"description\":\"Mo\u0107an Porscheov SUV podjednako odu\u0161evljava izvrsnim voznim osobinom i o\u010daravaju\u0107im dubokim brundanjem kojeg proizvodi \u0161estak sa 360 KS.\",\"breadcrumb\":{\"@id\":\"https:\/\/auto24.hr\/listing\/porsche-macan-3-0-v6-gts\/#breadcrumb\"},\"inLanguage\":\"hr\",\"potentialAction\":[{\"@type\":\"ReadAction\",\"target\":[\"https:\/\/auto24.hr\/listing\/porsche-macan-3-0-v6-gts\/\"]}]},{\"@type\":\"ImageObject\",\"inLanguage\":\"hr\",\"@id\":\"https:\/\/auto24.hr\/listing\/porsche-macan-3-0-v6-gts\/#primaryimage\",\"url\":\"https:\/\/auto24.hr\/wp-content\/uploads\/2026\/04\/LAC_0150cv-scaled.jpg\",\"contentUrl\":\"https:\/\/auto24.hr\/wp-content\/uploads\/2026\/04\/LAC_0150cv-scaled.jpg\",\"width\":2560,\"height\":1707},{\"@type\":\"BreadcrumbList\",\"@id\":\"https:\/\/auto24.hr\/listing\/porsche-macan-3-0-v6-gts\/#breadcrumb\",\"itemListElement\":[{\"@type\":\"ListItem\",\"position\":1,\"name\":\"Home\",\"item\":\"https:\/\/auto24.hr\/\"},{\"@type\":\"ListItem\",\"position\":2,\"name\":\"Listings\",\"item\":\"https:\/\/auto24.hr\/search\/\"},{\"@type\":\"ListItem\",\"position\":3,\"name\":\"Porsche Macan 3.0 V6 GTS\"}]},{\"@type\":\"WebSite\",\"@id\":\"https:\/\/auto24.hr\/#website\",\"url\":\"https:\/\/auto24.hr\/\",\"name\":\"Auto24\",\"description\":\"\",\"publisher\":{\"@id\":\"https:\/\/auto24.hr\/#organization\"},\"potentialAction\":[{\"@type\":\"SearchAction\",\"target\":{\"@type\":\"EntryPoint\",\"urlTemplate\":\"https:\/\/auto24.hr\/?s={search_term_string}\"},\"query-input\":{\"@type\":\"PropertyValueSpecification\",\"valueRequired\":true,\"valueName\":\"search_term_string\"}}],\"inLanguage\":\"hr\"},{\"@type\":\"Organization\",\"@id\":\"https:\/\/auto24.hr\/#organization\",\"name\":\"Auto24\",\"url\":\"https:\/\/auto24.hr\/\",\"logo\":{\"@type\":\"ImageObject\",\"inLanguage\":\"hr\",\"@id\":\"https:\/\/auto24.hr\/#\/schema\/logo\/image\/\",\"url\":\"https:\/\/auto24.hr\/wp-content\/uploads\/2025\/01\/a24bijeli.jpg\",\"contentUrl\":\"https:\/\/auto24.hr\/wp-content\/uploads\/2025\/01\/a24bijeli.jpg\",\"width\":614,\"height\":123,\"caption\":\"Auto24\"},\"image\":{\"@id\":\"https:\/\/auto24.hr\/#\/schema\/logo\/image\/\"}}]}<\/script>\n<!-- \/ Yoast SEO plugin. -->","yoast_head_json":{"title":"Porsche Macan 3.0 V6 GTS - Auto24","description":"Mo\u0107an Porscheov SUV podjednako odu\u0161evljava izvrsnim voznim osobinom i o\u010daravaju\u0107im dubokim brundanjem kojeg proizvodi \u0161estak sa 360 KS.","robots":{"index":"index","follow":"follow","max-snippet":"max-snippet:-1","max-image-preview":"max-image-preview:large","max-video-preview":"max-video-preview:-1"},"canonical":"https:\/\/auto24.hr\/hr\/listing\/porsche-macan-3-0-v6-gts\/","og_locale":"hr_HR","og_type":"article","og_title":"Porsche Macan 3.0 V6 GTS - Auto24","og_description":"Mo\u0107an Porscheov SUV podjednako odu\u0161evljava izvrsnim voznim osobinom i o\u010daravaju\u0107im dubokim brundanjem kojeg proizvodi \u0161estak sa 360 KS.","og_url":"https:\/\/auto24.hr\/hr\/listing\/porsche-macan-3-0-v6-gts\/","og_site_name":"Auto24","article_modified_time":"2026-04-28T07:00:01+00:00","og_image":[{"width":2560,"height":1707,"url":"https:\/\/auto24.hr\/wp-content\/uploads\/2026\/04\/LAC_0150cv-scaled.jpg","type":"image\/jpeg"}],"twitter_card":"summary_large_image","twitter_misc":{"Procijenjeno vrijeme \u010ditanja":"3 minute"},"schema":{"@context":"https:\/\/schema.org","@graph":[{"@type":"WebPage","@id":"https:\/\/auto24.hr\/listing\/porsche-macan-3-0-v6-gts\/","url":"https:\/\/auto24.hr\/listing\/porsche-macan-3-0-v6-gts\/","name":"Porsche Macan 3.0 V6 GTS - Auto24","isPartOf":{"@id":"https:\/\/auto24.hr\/#website"},"primaryImageOfPage":{"@id":"https:\/\/auto24.hr\/listing\/porsche-macan-3-0-v6-gts\/#primaryimage"},"image":{"@id":"https:\/\/auto24.hr\/listing\/porsche-macan-3-0-v6-gts\/#primaryimage"},"thumbnailUrl":"https:\/\/auto24.hr\/wp-content\/uploads\/2026\/04\/LAC_0150cv-scaled.jpg","datePublished":"2026-04-27T15:43:21+00:00","dateModified":"2026-04-28T07:00:01+00:00","description":"Mo\u0107an Porscheov SUV podjednako odu\u0161evljava izvrsnim voznim osobinom i o\u010daravaju\u0107im dubokim brundanjem kojeg proizvodi \u0161estak sa 360 KS.","breadcrumb":{"@id":"https:\/\/auto24.hr\/listing\/porsche-macan-3-0-v6-gts\/#breadcrumb"},"inLanguage":"hr","potentialAction":[{"@type":"ReadAction","target":["https:\/\/auto24.hr\/listing\/porsche-macan-3-0-v6-gts\/"]}]},{"@type":"ImageObject","inLanguage":"hr","@id":"https:\/\/auto24.hr\/listing\/porsche-macan-3-0-v6-gts\/#primaryimage","url":"https:\/\/auto24.hr\/wp-content\/uploads\/2026\/04\/LAC_0150cv-scaled.jpg","contentUrl":"https:\/\/auto24.hr\/wp-content\/uploads\/2026\/04\/LAC_0150cv-scaled.jpg","width":2560,"height":1707},{"@type":"BreadcrumbList","@id":"https:\/\/auto24.hr\/listing\/porsche-macan-3-0-v6-gts\/#breadcrumb","itemListElement":[{"@type":"ListItem","position":1,"name":"Home","item":"https:\/\/auto24.hr\/"},{"@type":"ListItem","position":2,"name":"Listings","item":"https:\/\/auto24.hr\/search\/"},{"@type":"ListItem","position":3,"name":"Porsche Macan 3.0 V6 GTS"}]},{"@type":"WebSite","@id":"https:\/\/auto24.hr\/#website","url":"https:\/\/auto24.hr\/","name":"Auto24","description":"","publisher":{"@id":"https:\/\/auto24.hr\/#organization"},"potentialAction":[{"@type":"SearchAction","target":{"@type":"EntryPoint","urlTemplate":"https:\/\/auto24.hr\/?s={search_term_string}"},"query-input":{"@type":"PropertyValueSpecification","valueRequired":true,"valueName":"search_term_string"}}],"inLanguage":"hr"},{"@type":"Organization","@id":"https:\/\/auto24.hr\/#organization","name":"Auto24","url":"https:\/\/auto24.hr\/","logo":{"@type":"ImageObject","inLanguage":"hr","@id":"https:\/\/auto24.hr\/#\/schema\/logo\/image\/","url":"https:\/\/auto24.hr\/wp-content\/uploads\/2025\/01\/a24bijeli.jpg","contentUrl":"https:\/\/auto24.hr\/wp-content\/uploads\/2025\/01\/a24bijeli.jpg","width":614,"height":123,"caption":"Auto24"},"image":{"@id":"https:\/\/auto24.hr\/#\/schema\/logo\/image\/"}}]}},"vehica_6656":{"vehica_currency_6656_2316":42900},"vehica_14696":"2017","vehica_23571":"","vehica_6664":"214900","vehica_6665":"265","vehica_23575":"","vehica_23572":"2997","vehica_6673":["https:\/\/auto24.hr\/wp-content\/uploads\/2026\/04\/LAC_0150cv-scaled.jpg","https:\/\/auto24.hr\/wp-content\/uploads\/2026\/04\/LAC_0118cv-scaled.jpg","https:\/\/auto24.hr\/wp-content\/uploads\/2026\/04\/LAC_0177-scaled.jpg","https:\/\/auto24.hr\/wp-content\/uploads\/2026\/04\/LAC_0122cv-scaled.jpg","https:\/\/auto24.hr\/wp-content\/uploads\/2026\/04\/LAC_0140cv-scaled.jpg","https:\/\/auto24.hr\/wp-content\/uploads\/2026\/04\/LAC_0086-scaled.jpg","https:\/\/auto24.hr\/wp-content\/uploads\/2026\/04\/LAC_0092-scaled.jpg","https:\/\/auto24.hr\/wp-content\/uploads\/2026\/04\/LAC_9957-scaled.jpg","https:\/\/auto24.hr\/wp-content\/uploads\/2026\/04\/LAC_0146-scaled.jpg","https:\/\/auto24.hr\/wp-content\/uploads\/2026\/04\/LAC_0005-scaled.jpg","https:\/\/auto24.hr\/wp-content\/uploads\/2026\/04\/LAC_0025-scaled.jpg","https:\/\/auto24.hr\/wp-content\/uploads\/2026\/04\/LAC_0033-scaled.jpg","https:\/\/auto24.hr\/wp-content\/uploads\/2026\/04\/LAC_0046-scaled.jpg","https:\/\/auto24.hr\/wp-content\/uploads\/2026\/04\/LAC_0051-scaled.jpg","https:\/\/auto24.hr\/wp-content\/uploads\/2026\/04\/LAC_0056-scaled.jpg","https:\/\/auto24.hr\/wp-content\/uploads\/2026\/04\/LAC_0060-scaled.jpg","https:\/\/auto24.hr\/wp-content\/uploads\/2026\/04\/LAC_0070-scaled.jpg","https:\/\/auto24.hr\/wp-content\/uploads\/2026\/04\/LAC_0102-scaled.jpg","https:\/\/auto24.hr\/wp-content\/uploads\/2026\/04\/LAC_0112-scaled.jpg","https:\/\/auto24.hr\/wp-content\/uploads\/2026\/04\/LAC_0162-scaled.jpg","https:\/\/auto24.hr\/wp-content\/uploads\/2026\/04\/LAC_9948-scaled.jpg","https:\/\/auto24.hr\/wp-content\/uploads\/2026\/04\/LAC_9952-scaled.jpg","https:\/\/auto24.hr\/wp-content\/uploads\/2026\/04\/LAC_9973-scaled.jpg","https:\/\/auto24.hr\/wp-content\/uploads\/2026\/04\/LAC_9979-scaled.jpg","https:\/\/auto24.hr\/wp-content\/uploads\/2026\/04\/LAC_9994-scaled.jpg","https:\/\/auto24.hr\/wp-content\/uploads\/2026\/04\/LAC_9998-scaled.jpg"],"vehica_6674":{"url":"https:\/\/youtu.be\/Dg0ebcoKwcw","embed":"<iframe title=\"Porsche Macan GTS 2017.\" width=\"600\" height=\"338\" src=\"https:\/\/www.youtube.com\/embed\/Dg0ebcoKwcw?feature=oembed\" frameborder=\"0\" allow=\"accelerometer; autoplay; clipboard-write; encrypted-media; gyroscope; picture-in-picture; web-share\" referrerpolicy=\"strict-origin-when-cross-origin\" allowfullscreen><\/iframe>"},"vehica_16721":"","vehica_18820":[],"vehica_23628":{"url":"<head>     <style>         .custom-image-container-unique123 {             position: relative;             width: 100%; \/* \u0160irina se prilago\u0111ava ure\u0111aju *\/             aspect-ratio: 16 \/ 9; \/* Omjer \u0161irine i visine (prilagodi po potrebi) *\/             margin: auto;             overflow: hidden;         }         .custom-image-container-unique123 img {             position: absolute;             top: 0;             left: 0;             width: 100%;             height: 100%;             object-fit: cover;         }     <\/style> <\/head> <body>     <div class=\"custom-image-container-unique123\">         <img src=\"https:\/\/auto24.hr\/wp-content\/uploads\/2024\/12\/test2.png\">         <img src=\"https:\/\/auto24.hr\/wp-content\/uploads\/2024\/12\/test1.png\">     <\/div> <\/body>      <script>         \/\/ Dinami\u010dko dodjeljivanje z-index         const images = document.querySelectorAll('.custom-image-container-unique123 img');         images.forEach((img, index) => {             img.style.zIndex = index + 1;         });     <\/script> <\/body>","embed":"<head>     <style>         .custom-image-container-unique123 {             position: relative;             width: 100%; \/* \u0160irina se prilago\u0111ava ure\u0111aju *\/             aspect-ratio: 16 \/ 9; \/* Omjer \u0161irine i visine (prilagodi po potrebi) *\/             margin: auto;             overflow: hidden;         }         .custom-image-container-unique123 img {             position: absolute;             top: 0;             left: 0;             width: 100%;             height: 100%;             object-fit: cover;         }     <\/style> <\/head> <body>     <div class=\"custom-image-container-unique123\">         <img src=\"https:\/\/auto24.hr\/wp-content\/uploads\/2024\/12\/test2.png\">         <img src=\"https:\/\/auto24.hr\/wp-content\/uploads\/2024\/12\/test1.png\">     <\/div> <\/body>      <script>         \/\/ Dinami\u010dko dodjeljivanje z-index         const images = document.querySelectorAll('.custom-image-container-unique123 img');         images.forEach((img, index) => {             img.style.zIndex = index + 1;         });     <\/script> <\/body>"},"_links":{"self":[{"href":"https:\/\/auto24.hr\/hr\/wp-json\/wp\/v2\/cars\/26429","targetHints":{"allow":["GET"]}}],"collection":[{"href":"https:\/\/auto24.hr\/hr\/wp-json\/wp\/v2\/cars"}],"about":[{"href":"https:\/\/auto24.hr\/hr\/wp-json\/wp\/v2\/types\/vehica_car"}],"author":[{"embeddable":true,"href":"https:\/\/auto24.hr\/hr\/wp-json\/wp\/v2\/users\/78"}],"wp:featuredmedia":[{"embeddable":true,"href":"https:\/\/auto24.hr\/hr\/wp-json\/wp\/v2\/media\/26447"}],"wp:attachment":[{"href":"https:\/\/auto24.hr\/hr\/wp-json\/wp\/v2\/media?parent=26429"}],"wp:term":[{"taxonomy":"vehica_6655","embeddable":true,"href":"https:\/\/auto24.hr\/hr\/wp-json\/wp\/v2\/vehica_6655?post=26429"},{"taxonomy":"vehica_23551","embeddable":true,"href":"https:\/\/auto24.hr\/hr\/wp-json\/wp\/v2\/vehica_23551?post=26429"},{"taxonomy":"vehica_6659","embeddable":true,"href":"https:\/\/auto24.hr\/hr\/wp-json\/wp\/v2\/vehica_6659?post=26429"},{"taxonomy":"vehica_6660","embeddable":true,"href":"https:\/\/auto24.hr\/hr\/wp-json\/wp\/v2\/vehica_6660?post=26429"},{"taxonomy":"vehica_6657","embeddable":true,"href":"https:\/\/auto24.hr\/hr\/wp-json\/wp\/v2\/vehica_6657?post=26429"},{"taxonomy":"vehica_6661","embeddable":true,"href":"https:\/\/auto24.hr\/hr\/wp-json\/wp\/v2\/vehica_6661?post=26429"},{"taxonomy":"vehica_6662","embeddable":true,"href":"https:\/\/auto24.hr\/hr\/wp-json\/wp\/v2\/vehica_6662?post=26429"},{"taxonomy":"vehica_6663","embeddable":true,"href":"https:\/\/auto24.hr\/hr\/wp-json\/wp\/v2\/vehica_6663?post=26429"},{"taxonomy":"vehica_6666","embeddable":true,"href":"https:\/\/auto24.hr\/hr\/wp-json\/wp\/v2\/vehica_6666?post=26429"},{"taxonomy":"vehica_12770","embeddable":true,"href":"https:\/\/auto24.hr\/hr\/wp-json\/wp\/v2\/vehica_12770?post=26429"},{"taxonomy":"vehica_23612","embeddable":true,"href":"https:\/\/auto24.hr\/hr\/wp-json\/wp\/v2\/vehica_23612?post=26429"},{"taxonomy":"vehica_6670","embeddable":true,"href":"https:\/\/auto24.hr\/hr\/wp-json\/wp\/v2\/vehica_6670?post=26429"}],"curies":[{"name":"wp","href":"https:\/\/api.w.org\/{rel}","templated":true}]}}